{"id":821,"date":"2025-06-05T18:02:41","date_gmt":"2025-06-05T18:02:41","guid":{"rendered":"https:\/\/sandras-heinzelmaennchen.de\/?page_id=821"},"modified":"2026-03-02T21:28:45","modified_gmt":"2026-03-02T21:28:45","slug":"karriere","status":"publish","type":"page","link":"https:\/\/sandras-heinzelmaennchen.de\/?page_id=821","title":{"rendered":"Karriere"},"content":{"rendered":"\t\t<div data-elementor-type=\"wp-page\" data-elementor-id=\"821\" class=\"elementor elementor-821\" data-elementor-post-type=\"page\">\n\t\t\t\t<div class=\"elementor-element elementor-element-6e81f6b0 e-con-full e-flex e-con e-parent\" data-id=\"6e81f6b0\" data-element_type=\"container\" data-e-type=\"container\">\n\t\t<div class=\"elementor-element elementor-element-684fce6 e-con-full e-flex e-con e-child\" data-id=\"684fce6\" data-element_type=\"container\" data-e-type=\"container\">\n\t\t\t\t<div class=\"elementor-element elementor-element-22518f3e elementor-widget elementor-widget-heading\" data-id=\"22518f3e\" data-element_type=\"widget\" data-e-type=\"widget\" data-widget_type=\"heading.default\">\n\t\t\t\t<div class=\"elementor-widget-container\">\n\t\t\t\t\t<h1 class=\"elementor-heading-title elementor-size-default\">Wir suchen, <br><b>Verst\u00e4rkung<\/b><\/h1>\t\t\t\t<\/div>\n\t\t\t\t<\/div>\n\t\t\t\t<div class=\"elementor-element elementor-element-5ca83da5 elementor-hidden-tablet elementor-hidden-mobile elementor-widget-divider--view-line elementor-widget elementor-widget-divider\" data-id=\"5ca83da5\" data-element_type=\"widget\" data-e-type=\"widget\" data-widget_type=\"divider.default\">\n\t\t\t\t<div class=\"elementor-widget-container\">\n\t\t\t\t\t\t\t<div class=\"elementor-divider\">\n\t\t\t<span class=\"elementor-divider-separator\">\n\t\t\t\t\t\t<\/span>\n\t\t<\/div>\n\t\t\t\t\t\t<\/div>\n\t\t\t\t<\/div>\n\t\t\t\t<div class=\"elementor-element elementor-element-6f95264e elementor-widget elementor-widget-text-editor\" data-id=\"6f95264e\" data-element_type=\"widget\" data-e-type=\"widget\" data-widget_type=\"text-editor.default\">\n\t\t\t\t<div class=\"elementor-widget-container\">\n\t\t\t\t\t\t\t\t\t<p style=\"text-align: left;\"><strong>Hauswirtschaftskraft (m\/w\/d) gesucht!<\/strong><\/p><p><strong>Start:<\/strong> Nach Vereinbarung<br \/><strong>Art:<\/strong> Teilzeit oder auf Minijob-Basis<\/p><p><strong>Ihr Profil:<\/strong><\/p><ul><li>Freude an der Arbeit im Haushalt<\/li><li>Erfahrung im Umgang mit \u00e4lteren Menschen<\/li><li>Gute Kochkenntnisse<\/li><li>Empathisches und freundliches Auftreten<\/li><li>W\u00fcnschenswert: Ausbildung zur Hauswirtschaftskraft<\/li><li>Betreuung\u00a0<\/li><\/ul><p><strong><br \/>Das bieten wir:<\/strong><\/p><ul><li>Flexible und individuelle Dienstplangestaltung<\/li><li>Ein respektvolles Miteinander im Team<\/li><li>Regelm\u00e4\u00dfige Mitarbeitertreffen und Feedbackgespr\u00e4che<\/li><li>Arbeitskleidung wird gestellt<\/li><li>BAV ab Teilzeitbesch\u00e4ftigung<\/li><\/ul>\t\t\t\t\t\t\t\t<\/div>\n\t\t\t\t<\/div>\n\t\t\t\t<\/div>\n\t\t<div class=\"elementor-element elementor-element-63d8b775 e-con-full e-flex e-con e-child\" data-id=\"63d8b775\" data-element_type=\"container\" data-e-type=\"container\" data-settings=\"{&quot;background_background&quot;:&quot;classic&quot;}\">\n\t\t<div class=\"elementor-element elementor-element-63d02577 e-con-full e-flex elementor-invisible e-con e-child\" data-id=\"63d02577\" data-element_type=\"container\" data-e-type=\"container\" data-settings=\"{&quot;background_background&quot;:&quot;classic&quot;,&quot;animation&quot;:&quot;slideInRight&quot;}\">\n\t\t\t\t<div class=\"elementor-element elementor-element-6a6876f5 elementor-widget elementor-widget-image-box\" data-id=\"6a6876f5\" data-element_type=\"widget\" data-e-type=\"widget\" data-widget_type=\"image-box.default\">\n\t\t\t\t<div class=\"elementor-widget-container\">\n\t\t\t\t\t<div class=\"elementor-image-box-wrapper\"><div class=\"elementor-image-box-content\"><h5 class=\"elementor-image-box-title\">Interessiert? <\/h5><p class=\"elementor-image-box-description\">Senden Sie uns Ihre Bewerbung per E-Mail oder rufen Sie uns direkt an!<\/p><\/div><\/div>\t\t\t\t<\/div>\n\t\t\t\t<\/div>\n\t\t\t\t<div class=\"elementor-element elementor-element-4ea75296 elementor-widget elementor-widget-heading\" data-id=\"4ea75296\" data-element_type=\"widget\" data-e-type=\"widget\" data-widget_type=\"heading.default\">\n\t\t\t\t<div class=\"elementor-widget-container\">\n\t\t\t\t\t<p class=\"elementor-heading-title elementor-size-default\">02389 \/ 96 12 899<br>Wir freuen uns auf Ihre Bewerbung!\n<\/p>\t\t\t\t<\/div>\n\t\t\t\t<\/div>\n\t\t\t\t<\/div>\n\t\t\t\t<\/div>\n\t\t\t\t<\/div>\n\t\t<div class=\"elementor-element elementor-element-33f05fc e-flex e-con-boxed e-con e-parent\" data-id=\"33f05fc\" data-element_type=\"container\" data-e-type=\"container\">\n\t\t\t\t\t<div class=\"e-con-inner\">\n\t\t\t\t<div class=\"elementor-element elementor-element-23b3028 elementor-widget elementor-widget-spacer\" data-id=\"23b3028\" data-element_type=\"widget\" data-e-type=\"widget\" data-widget_type=\"spacer.default\">\n\t\t\t\t<div class=\"elementor-widget-container\">\n\t\t\t\t\t\t\t<div class=\"elementor-spacer\">\n\t\t\t<div class=\"elementor-spacer-inner\"><\/div>\n\t\t<\/div>\n\t\t\t\t\t\t<\/div>\n\t\t\t\t<\/div>\n\t\t\t\t\t<\/div>\n\t\t\t\t<\/div>\n\t\t<div class=\"elementor-element elementor-element-5c2c38e e-flex e-con-boxed e-con e-parent\" data-id=\"5c2c38e\" data-element_type=\"container\" data-e-type=\"container\">\n\t\t\t\t\t<div class=\"e-con-inner\">\n\t\t\t\t<div class=\"elementor-element elementor-element-991d939 elementor-hidden-desktop elementor-widget elementor-widget-spacer\" data-id=\"991d939\" data-element_type=\"widget\" data-e-type=\"widget\" data-widget_type=\"spacer.default\">\n\t\t\t\t<div class=\"elementor-widget-container\">\n\t\t\t\t\t\t\t<div class=\"elementor-spacer\">\n\t\t\t<div class=\"elementor-spacer-inner\"><\/div>\n\t\t<\/div>\n\t\t\t\t\t\t<\/div>\n\t\t\t\t<\/div>\n\t\t\t\t\t<\/div>\n\t\t\t\t<\/div>\n\t\t<div class=\"elementor-element elementor-element-dd5c0f0 e-con-full e-flex e-con e-parent\" data-id=\"dd5c0f0\" data-element_type=\"container\" data-e-type=\"container\">\n\t\t<div class=\"elementor-element elementor-element-587334d e-con-full e-flex e-con e-child\" data-id=\"587334d\" data-element_type=\"container\" data-e-type=\"container\">\n\t\t\t\t<div class=\"elementor-element elementor-element-fc82a74 elementor-hidden-tablet elementor-hidden-mobile elementor-widget elementor-widget-heading\" data-id=\"fc82a74\" data-element_type=\"widget\" data-e-type=\"widget\" data-widget_type=\"heading.default\">\n\t\t\t\t<div class=\"elementor-widget-container\">\n\t\t\t\t\t<h1 class=\"elementor-heading-title elementor-size-default\">Wir suchen, <br><b>Verst\u00e4rkung<\/b><\/h1>\t\t\t\t<\/div>\n\t\t\t\t<\/div>\n\t\t\t\t<div class=\"elementor-element elementor-element-40a24f9 elementor-widget-divider--view-line elementor-widget elementor-widget-divider\" data-id=\"40a24f9\" data-element_type=\"widget\" data-e-type=\"widget\" data-widget_type=\"divider.default\">\n\t\t\t\t<div class=\"elementor-widget-container\">\n\t\t\t\t\t\t\t<div class=\"elementor-divider\">\n\t\t\t<span class=\"elementor-divider-separator\">\n\t\t\t\t\t\t<\/span>\n\t\t<\/div>\n\t\t\t\t\t\t<\/div>\n\t\t\t\t<\/div>\n\t\t\t\t<div class=\"elementor-element elementor-element-a206c70 elementor-widget elementor-widget-text-editor\" data-id=\"a206c70\" data-element_type=\"widget\" data-e-type=\"widget\" data-widget_type=\"text-editor.default\">\n\t\t\t\t<div class=\"elementor-widget-container\">\n\t\t\t\t\t\t\t\t\t<p style=\"text-align: left;\"><strong>Gartenhelfer (m\/w\/d) gesucht!<\/strong><\/p><p><strong>Start:<\/strong> Nach Absprache<br \/><strong>Art:<\/strong> Teilzeit oder auf Minijob-Basis<\/p><p><strong>Ihr Profil:<\/strong><\/p><ul><li>Erfahrung in der Gartenarbeit<\/li><li>Freude am Umgang mit Menschen<\/li><li>Teamf\u00e4higkeit<\/li><li>Flexibilit\u00e4t und gutes Organisationsgeschick<\/li><\/ul><p><strong><br \/>Das bieten wir:<\/strong><\/p><ul><li>Flexible Dienstplangestaltung<\/li><li>Ein kollegiales Team auf Augenh\u00f6he<\/li><li>Regelm\u00e4\u00dfige Mitarbeitertreffen und Feedbackgespr\u00e4che<\/li><li>Arbeitskleidung wird gestellt<\/li><li>BAV oder Jobrad ab Teilzeitbesch\u00e4ftigung<\/li><\/ul>\t\t\t\t\t\t\t\t<\/div>\n\t\t\t\t<\/div>\n\t\t\t\t<\/div>\n\t\t<div class=\"elementor-element elementor-element-2ce95f4 e-con-full e-flex e-con e-child\" data-id=\"2ce95f4\" data-element_type=\"container\" data-e-type=\"container\" data-settings=\"{&quot;background_background&quot;:&quot;classic&quot;}\">\n\t\t<div class=\"elementor-element elementor-element-3737530 e-con-full e-flex elementor-invisible e-con e-child\" data-id=\"3737530\" data-element_type=\"container\" data-e-type=\"container\" data-settings=\"{&quot;background_background&quot;:&quot;classic&quot;,&quot;animation&quot;:&quot;slideInRight&quot;}\">\n\t\t\t\t<div class=\"elementor-element elementor-element-ab19165 elementor-widget elementor-widget-image-box\" data-id=\"ab19165\" data-element_type=\"widget\" data-e-type=\"widget\" data-widget_type=\"image-box.default\">\n\t\t\t\t<div class=\"elementor-widget-container\">\n\t\t\t\t\t<div class=\"elementor-image-box-wrapper\"><div class=\"elementor-image-box-content\"><h5 class=\"elementor-image-box-title\">Interessiert? <\/h5><p class=\"elementor-image-box-description\">Senden Sie uns Ihre Bewerbung per E-Mail oder rufen Sie uns direkt an!<\/p><\/div><\/div>\t\t\t\t<\/div>\n\t\t\t\t<\/div>\n\t\t\t\t<div class=\"elementor-element elementor-element-f1bb9b2 elementor-widget elementor-widget-heading\" data-id=\"f1bb9b2\" data-element_type=\"widget\" data-e-type=\"widget\" data-widget_type=\"heading.default\">\n\t\t\t\t<div class=\"elementor-widget-container\">\n\t\t\t\t\t<p class=\"elementor-heading-title elementor-size-default\">02389 \/ 96 12 899<br>Wir freuen uns auf Ihre Bewerbung!\n<\/p>\t\t\t\t<\/div>\n\t\t\t\t<\/div>\n\t\t\t\t<\/div>\n\t\t\t\t<\/div>\n\t\t\t\t<\/div>\n\t\t<div class=\"elementor-element elementor-element-c6ad404 e-flex e-con-boxed e-con e-parent\" data-id=\"c6ad404\" data-element_type=\"container\" data-e-type=\"container\">\n\t\t\t\t\t<div class=\"e-con-inner\">\n\t\t\t\t<div class=\"elementor-element elementor-element-e30fb01 elementor-hidden-desktop elementor-widget elementor-widget-spacer\" data-id=\"e30fb01\" data-element_type=\"widget\" data-e-type=\"widget\" data-widget_type=\"spacer.default\">\n\t\t\t\t<div class=\"elementor-widget-container\">\n\t\t\t\t\t\t\t<div class=\"elementor-spacer\">\n\t\t\t<div class=\"elementor-spacer-inner\"><\/div>\n\t\t<\/div>\n\t\t\t\t\t\t<\/div>\n\t\t\t\t<\/div>\n\t\t\t\t\t<\/div>\n\t\t\t\t<\/div>\n\t\t\t\t<\/div>\n\t\t","protected":false},"excerpt":{"rendered":"<p>Wir suchen, Verst\u00e4rkung Hauswirtschaftskraft (m\/w\/d) gesucht! Start: Nach VereinbarungArt: Teilzeit oder auf Minijob-Basis Ihr Profil: Freude an der Arbeit im Haushalt Erfahrung im Umgang mit \u00e4lteren Menschen Gute Kochkenntnisse Empathisches und freundliches Auftreten W\u00fcnschenswert: Ausbildung zur Hauswirtschaftskraft Betreuung\u00a0 Das bieten wir: Flexible und individuelle Dienstplangestaltung Ein respektvolles Miteinander im Team Regelm\u00e4\u00dfige Mitarbeitertreffen und Feedbackgespr\u00e4che Arbeitskleidung [&hellip;]<\/p>\n","protected":false},"author":1,"featured_media":0,"parent":0,"menu_order":0,"comment_status":"closed","ping_status":"closed","template":"","meta":{"footnotes":""},"class_list":["post-821","page","type-page","status-publish","hentry"],"_links":{"self":[{"href":"https:\/\/sandras-heinzelmaennchen.de\/index.php?rest_route=\/wp\/v2\/pages\/821","targetHints":{"allow":["GET"]}}],"collection":[{"href":"https:\/\/sandras-heinzelmaennchen.de\/index.php?rest_route=\/wp\/v2\/pages"}],"about":[{"href":"https:\/\/sandras-heinzelmaennchen.de\/index.php?rest_route=\/wp\/v2\/types\/page"}],"author":[{"embeddable":true,"href":"https:\/\/sandras-heinzelmaennchen.de\/index.php?rest_route=\/wp\/v2\/users\/1"}],"replies":[{"embeddable":true,"href":"https:\/\/sandras-heinzelmaennchen.de\/index.php?rest_route=%2Fwp%2Fv2%2Fcomments&post=821"}],"version-history":[{"count":3,"href":"https:\/\/sandras-heinzelmaennchen.de\/index.php?rest_route=\/wp\/v2\/pages\/821\/revisions"}],"predecessor-version":[{"id":1144,"href":"https:\/\/sandras-heinzelmaennchen.de\/index.php?rest_route=\/wp\/v2\/pages\/821\/revisions\/1144"}],"wp:attachment":[{"href":"https:\/\/sandras-heinzelmaennchen.de\/index.php?rest_route=%2Fwp%2Fv2%2Fmedia&parent=821"}],"curies":[{"name":"wp","href":"https:\/\/api.w.org\/{rel}","templated":true}]}}